{"id":743,"date":"2018-08-23T16:17:54","date_gmt":"2018-08-23T14:17:54","guid":{"rendered":"http:\/\/laboragora.com\/?page_id=743"},"modified":"2018-08-23T18:42:36","modified_gmt":"2018-08-23T16:42:36","slug":"sous-la-loupe-2","status":"publish","type":"page","link":"https:\/\/laboragora.com\/index.php\/sous-la-loupe-2\/","title":{"rendered":"Sous la loupe"},"content":{"rendered":"<p style=\"text-align: center;\">Allons au fond des choses et cherchons \u00e0 mieux comprendre les processus qui sous-tendent nos comportements au travail.<\/p>\n<hr>\n<div class=\"pt-cv-wrapper\"><div class=\"pt-cv-view pt-cv-grid pt-cv-colsys\" id=\"pt-cv-view-86084e2gyc\"><div data-id=\"pt-cv-page-1\" class=\"pt-cv-page\" data-cvc=\"2\"><div class=\"col-md-6 col-sm-6 col-xs-12 pt-cv-content-item pt-cv-1-col\" ><div class='pt-cv-ifield'><a href=\"https:\/\/laboragora.com\/index.php\/2021\/09\/16\/dunning-kruger-ce-que-disent-vraiment-les-auteurs\/\" class=\"_self pt-cv-href-thumbnail pt-cv-thumb-default\" target=\"_self\" ><img loading=\"lazy\" decoding=\"async\" width=\"300\" height=\"242\" src=\"https:\/\/laboragora.com\/wp-content\/uploads\/2021\/09\/pexels-yasin-gundogdu-2709563-scaled-e1630490916247-300x242.jpg\" class=\"pt-cv-thumbnail\" alt=\"\" srcset=\"https:\/\/laboragora.com\/wp-content\/uploads\/2021\/09\/pexels-yasin-gundogdu-2709563-scaled-e1630490916247-300x242.jpg 300w, https:\/\/laboragora.com\/wp-content\/uploads\/2021\/09\/pexels-yasin-gundogdu-2709563-scaled-e1630490916247-1024x826.jpg 1024w, https:\/\/laboragora.com\/wp-content\/uploads\/2021\/09\/pexels-yasin-gundogdu-2709563-scaled-e1630490916247-768x620.jpg 768w, https:\/\/laboragora.com\/wp-content\/uploads\/2021\/09\/pexels-yasin-gundogdu-2709563-scaled-e1630490916247-1536x1239.jpg 1536w, https:\/\/laboragora.com\/wp-content\/uploads\/2021\/09\/pexels-yasin-gundogdu-2709563-scaled-e1630490916247-2048x1653.jpg 2048w\" sizes=\"auto, (max-width: 300px) 100vw, 300px\" \/><\/a>\n<h4 class=\"pt-cv-title\"><a href=\"https:\/\/laboragora.com\/index.php\/2021\/09\/16\/dunning-kruger-ce-que-disent-vraiment-les-auteurs\/\" class=\"_self\" target=\"_self\" >Dunning-Kruger : ce que disent vraiment les auteurs<\/a><\/h4>\n<div class=\"pt-cv-content\">Il suffit de trainer sur un r\u00e9seau social comme LinkedIn ou Twitter pour rapidement entendre parler de l\u2019effet Dunning-Kruger. Ce ...<br \/><div class=\"pt-cv-rmwrap\"><a href=\"https:\/\/laboragora.com\/index.php\/2021\/09\/16\/dunning-kruger-ce-que-disent-vraiment-les-auteurs\/\" class=\"_self pt-cv-readmore btn btn-success\" target=\"_self\">Lire La Suite\u2026<\/a><\/div><\/div><\/div><\/div>\n<div class=\"col-md-6 col-sm-6 col-xs-12 pt-cv-content-item pt-cv-1-col\" ><div class='pt-cv-ifield'><a href=\"https:\/\/laboragora.com\/index.php\/2021\/06\/09\/lgbt-devenir-une-entreprise-inclusive\/\" class=\"_self pt-cv-href-thumbnail pt-cv-thumb-default\" target=\"_self\" ><img loading=\"lazy\" decoding=\"async\" width=\"300\" height=\"200\" src=\"https:\/\/laboragora.com\/wp-content\/uploads\/2021\/06\/pexels-markus-spiske-2027059-300x200.jpg\" class=\"pt-cv-thumbnail\" alt=\"Photo by Markus Spiske\" srcset=\"https:\/\/laboragora.com\/wp-content\/uploads\/2021\/06\/pexels-markus-spiske-2027059-300x200.jpg 300w, https:\/\/laboragora.com\/wp-content\/uploads\/2021\/06\/pexels-markus-spiske-2027059-1024x683.jpg 1024w, https:\/\/laboragora.com\/wp-content\/uploads\/2021\/06\/pexels-markus-spiske-2027059-768x512.jpg 768w, https:\/\/laboragora.com\/wp-content\/uploads\/2021\/06\/pexels-markus-spiske-2027059-1536x1024.jpg 1536w, https:\/\/laboragora.com\/wp-content\/uploads\/2021\/06\/pexels-markus-spiske-2027059-2048x1365.jpg 2048w\" sizes=\"auto, (max-width: 300px) 100vw, 300px\" \/><\/a>\n<h4 class=\"pt-cv-title\"><a href=\"https:\/\/laboragora.com\/index.php\/2021\/06\/09\/lgbt-devenir-une-entreprise-inclusive\/\" class=\"_self\" target=\"_self\" >LGBT+ : Devenir une entreprise inclusive<\/a><\/h4>\n<div class=\"pt-cv-content\">Si les personnes LGBTQI+ ont gagn\u00e9 de la visibilit\u00e9 durant les derni\u00e8res d\u00e9cennies, il reste du chemin \u00e0 parcourir pour ...<br \/><div class=\"pt-cv-rmwrap\"><a href=\"https:\/\/laboragora.com\/index.php\/2021\/06\/09\/lgbt-devenir-une-entreprise-inclusive\/\" class=\"_self pt-cv-readmore btn btn-success\" target=\"_self\">Lire La Suite\u2026<\/a><\/div><\/div><\/div><\/div>\n<div class=\"col-md-6 col-sm-6 col-xs-12 pt-cv-content-item pt-cv-1-col\" ><div class='pt-cv-ifield'><a href=\"https:\/\/laboragora.com\/index.php\/2021\/06\/02\/digital-nomads-entre-liberte-et-discipline\/\" class=\"_self pt-cv-href-thumbnail pt-cv-thumb-default\" target=\"_self\" ><img loading=\"lazy\" decoding=\"async\" width=\"300\" height=\"200\" src=\"https:\/\/laboragora.com\/wp-content\/uploads\/2021\/06\/Manteau-Marron-Pour-Homme-by-Andrea-Piacquadio-300x200.jpg\" class=\"pt-cv-thumbnail\" alt=\"Manteau Marron Pour Homme by Andrea Piacquadio\" srcset=\"https:\/\/laboragora.com\/wp-content\/uploads\/2021\/06\/Manteau-Marron-Pour-Homme-by-Andrea-Piacquadio-300x200.jpg 300w, https:\/\/laboragora.com\/wp-content\/uploads\/2021\/06\/Manteau-Marron-Pour-Homme-by-Andrea-Piacquadio-1024x684.jpg 1024w, https:\/\/laboragora.com\/wp-content\/uploads\/2021\/06\/Manteau-Marron-Pour-Homme-by-Andrea-Piacquadio-768x513.jpg 768w, https:\/\/laboragora.com\/wp-content\/uploads\/2021\/06\/Manteau-Marron-Pour-Homme-by-Andrea-Piacquadio-1536x1026.jpg 1536w, https:\/\/laboragora.com\/wp-content\/uploads\/2021\/06\/Manteau-Marron-Pour-Homme-by-Andrea-Piacquadio-2048x1368.jpg 2048w\" sizes=\"auto, (max-width: 300px) 100vw, 300px\" \/><\/a>\n<h4 class=\"pt-cv-title\"><a href=\"https:\/\/laboragora.com\/index.php\/2021\/06\/02\/digital-nomads-entre-liberte-et-discipline\/\" class=\"_self\" target=\"_self\" >Digitals nomads : entre libert\u00e9 et discipline<\/a><\/h4>\n<div class=\"pt-cv-content\">A terme, la pand\u00e9mie pourrait bien inciter plus de personnes \u00e0 embrasser le mode de vie des digital nomads, ces ...<br \/><div class=\"pt-cv-rmwrap\"><a href=\"https:\/\/laboragora.com\/index.php\/2021\/06\/02\/digital-nomads-entre-liberte-et-discipline\/\" class=\"_self pt-cv-readmore btn btn-success\" target=\"_self\">Lire La Suite\u2026<\/a><\/div><\/div><\/div><\/div>\n<div class=\"col-md-6 col-sm-6 col-xs-12 pt-cv-content-item pt-cv-1-col\" ><div class='pt-cv-ifield'><a href=\"https:\/\/laboragora.com\/index.php\/2021\/04\/19\/lafest-pour-se-former-en-travaillant\/\" class=\"_self pt-cv-href-thumbnail pt-cv-thumb-default\" target=\"_self\" ><img loading=\"lazy\" decoding=\"async\" width=\"300\" height=\"200\" src=\"https:\/\/laboragora.com\/wp-content\/uploads\/2021\/04\/pexels-andrea-piacquadio-3846262-300x200.jpg\" class=\"pt-cv-thumbnail\" alt=\"Le formateur AFEST peut \u00eatre interne ou extene \u00e0 l&#039;entreprise\" srcset=\"https:\/\/laboragora.com\/wp-content\/uploads\/2021\/04\/pexels-andrea-piacquadio-3846262-300x200.jpg 300w, https:\/\/laboragora.com\/wp-content\/uploads\/2021\/04\/pexels-andrea-piacquadio-3846262-1024x683.jpg 1024w, https:\/\/laboragora.com\/wp-content\/uploads\/2021\/04\/pexels-andrea-piacquadio-3846262-768x512.jpg 768w, https:\/\/laboragora.com\/wp-content\/uploads\/2021\/04\/pexels-andrea-piacquadio-3846262-1536x1024.jpg 1536w, https:\/\/laboragora.com\/wp-content\/uploads\/2021\/04\/pexels-andrea-piacquadio-3846262-2048x1365.jpg 2048w\" sizes=\"auto, (max-width: 300px) 100vw, 300px\" \/><\/a>\n<h4 class=\"pt-cv-title\"><a href=\"https:\/\/laboragora.com\/index.php\/2021\/04\/19\/lafest-pour-se-former-en-travaillant\/\" class=\"_self\" target=\"_self\" >L&rsquo;AFEST pour se former en travaillant ?<\/a><\/h4>\n<div class=\"pt-cv-content\">La question de l\u2019ad\u00e9quation entre les comp\u00e9tences d\u2019un salari\u00e9, nouvellement recrut\u00e9 ou non, et son poste de travail est pr\u00e9gnante ...<br \/><div class=\"pt-cv-rmwrap\"><a href=\"https:\/\/laboragora.com\/index.php\/2021\/04\/19\/lafest-pour-se-former-en-travaillant\/\" class=\"_self pt-cv-readmore btn btn-success\" target=\"_self\">Lire La Suite\u2026<\/a><\/div><\/div><\/div><\/div>\n<div class=\"col-md-6 col-sm-6 col-xs-12 pt-cv-content-item pt-cv-1-col\" ><div class='pt-cv-ifield'><a href=\"https:\/\/laboragora.com\/index.php\/2021\/02\/23\/avons-nous-vraiment-une-personnalite\/\" class=\"_self pt-cv-href-thumbnail pt-cv-thumb-default\" target=\"_self\" ><img loading=\"lazy\" decoding=\"async\" width=\"300\" height=\"200\" src=\"https:\/\/laboragora.com\/wp-content\/uploads\/2021\/02\/pexels-anna-shvets-5325588-300x200.jpg\" class=\"pt-cv-thumbnail\" alt=\"Smiling multiracial teenagers and child in casual apparel in studio by Anna Shvets\" srcset=\"https:\/\/laboragora.com\/wp-content\/uploads\/2021\/02\/pexels-anna-shvets-5325588-300x200.jpg 300w, https:\/\/laboragora.com\/wp-content\/uploads\/2021\/02\/pexels-anna-shvets-5325588-1024x683.jpg 1024w, https:\/\/laboragora.com\/wp-content\/uploads\/2021\/02\/pexels-anna-shvets-5325588-768x512.jpg 768w, https:\/\/laboragora.com\/wp-content\/uploads\/2021\/02\/pexels-anna-shvets-5325588-1536x1024.jpg 1536w, https:\/\/laboragora.com\/wp-content\/uploads\/2021\/02\/pexels-anna-shvets-5325588-2048x1365.jpg 2048w\" sizes=\"auto, (max-width: 300px) 100vw, 300px\" \/><\/a>\n<h4 class=\"pt-cv-title\"><a href=\"https:\/\/laboragora.com\/index.php\/2021\/02\/23\/avons-nous-vraiment-une-personnalite\/\" class=\"_self\" target=\"_self\" >Avons-nous vraiment une personnalit\u00e9 ?<\/a><\/h4>\n<div class=\"pt-cv-content\">La plupart d\u2019entre nous est persuad\u00e9e que chaque personne poss\u00e8de une personnalit\u00e9 qui lui est propre. Elle se construirait \u00e0 ...<br \/><div class=\"pt-cv-rmwrap\"><a href=\"https:\/\/laboragora.com\/index.php\/2021\/02\/23\/avons-nous-vraiment-une-personnalite\/\" class=\"_self pt-cv-readmore btn btn-success\" target=\"_self\">Lire La Suite\u2026<\/a><\/div><\/div><\/div><\/div>\n<div class=\"col-md-6 col-sm-6 col-xs-12 pt-cv-content-item pt-cv-1-col\" ><div class='pt-cv-ifield'><a href=\"https:\/\/laboragora.com\/index.php\/2020\/11\/10\/les-formations-anti-biais-font-plus-de-mal-que-de-bien\/\" class=\"_self pt-cv-href-thumbnail pt-cv-thumb-default\" target=\"_self\" ><img loading=\"lazy\" decoding=\"async\" width=\"300\" height=\"200\" src=\"https:\/\/laboragora.com\/wp-content\/uploads\/2020\/11\/pexels-christina-morillo-1181396-300x200.jpg\" class=\"pt-cv-thumbnail\" alt=\"Group of People Sitting Near Table\" srcset=\"https:\/\/laboragora.com\/wp-content\/uploads\/2020\/11\/pexels-christina-morillo-1181396-300x200.jpg 300w, https:\/\/laboragora.com\/wp-content\/uploads\/2020\/11\/pexels-christina-morillo-1181396-1024x684.jpg 1024w, https:\/\/laboragora.com\/wp-content\/uploads\/2020\/11\/pexels-christina-morillo-1181396-768x513.jpg 768w, https:\/\/laboragora.com\/wp-content\/uploads\/2020\/11\/pexels-christina-morillo-1181396-1536x1025.jpg 1536w, https:\/\/laboragora.com\/wp-content\/uploads\/2020\/11\/pexels-christina-morillo-1181396-2048x1367.jpg 2048w\" sizes=\"auto, (max-width: 300px) 100vw, 300px\" \/><\/a>\n<h4 class=\"pt-cv-title\"><a href=\"https:\/\/laboragora.com\/index.php\/2020\/11\/10\/les-formations-anti-biais-font-plus-de-mal-que-de-bien\/\" class=\"_self\" target=\"_self\" >Les formations anti biais font-elles plus de mal que de bien ?<\/a><\/h4>\n<div class=\"pt-cv-content\">Les \u00ab biais inconscients \u00bb ont le vent en poupe pour lutter contre la discrimination. On trouve aujourd\u2019hui une grande ...<br \/><div class=\"pt-cv-rmwrap\"><a href=\"https:\/\/laboragora.com\/index.php\/2020\/11\/10\/les-formations-anti-biais-font-plus-de-mal-que-de-bien\/\" class=\"_self pt-cv-readmore btn btn-success\" target=\"_self\">Lire La Suite\u2026<\/a><\/div><\/div><\/div><\/div>\n<div class=\"col-md-6 col-sm-6 col-xs-12 pt-cv-content-item pt-cv-1-col\" ><div class='pt-cv-ifield'><a href=\"https:\/\/laboragora.com\/index.php\/2020\/10\/27\/comment-sadapte-t-on-a-une-autre-culture-et-quelles-en-sont-les-consequences-au-travail\/\" class=\"_self pt-cv-href-thumbnail pt-cv-thumb-default\" target=\"_self\" ><img loading=\"lazy\" decoding=\"async\" width=\"300\" height=\"200\" src=\"https:\/\/laboragora.com\/wp-content\/uploads\/2020\/10\/pexels-nappy-1058959-300x200.jpg\" class=\"pt-cv-thumbnail\" alt=\"Brown Leather Duffel Bag by nappy\" srcset=\"https:\/\/laboragora.com\/wp-content\/uploads\/2020\/10\/pexels-nappy-1058959-300x200.jpg 300w, https:\/\/laboragora.com\/wp-content\/uploads\/2020\/10\/pexels-nappy-1058959-1024x683.jpg 1024w, https:\/\/laboragora.com\/wp-content\/uploads\/2020\/10\/pexels-nappy-1058959-768x512.jpg 768w, https:\/\/laboragora.com\/wp-content\/uploads\/2020\/10\/pexels-nappy-1058959-1536x1024.jpg 1536w, https:\/\/laboragora.com\/wp-content\/uploads\/2020\/10\/pexels-nappy-1058959-2048x1365.jpg 2048w\" sizes=\"auto, (max-width: 300px) 100vw, 300px\" \/><\/a>\n<h4 class=\"pt-cv-title\"><a href=\"https:\/\/laboragora.com\/index.php\/2020\/10\/27\/comment-sadapte-t-on-a-une-autre-culture-et-quelles-en-sont-les-consequences-au-travail\/\" class=\"_self\" target=\"_self\" >Comment s\u2019adapte-t-on \u00e0 une autre culture et quelles en sont les cons\u00e9quences au travail ?<\/a><\/h4>\n<div class=\"pt-cv-content\">Changer de pays, quelle qu\u2019en soit la raison, implique g\u00e9n\u00e9ralement de changer de culture. Les personnes immigrantes sont alors confront\u00e9es ...<br \/><div class=\"pt-cv-rmwrap\"><a href=\"https:\/\/laboragora.com\/index.php\/2020\/10\/27\/comment-sadapte-t-on-a-une-autre-culture-et-quelles-en-sont-les-consequences-au-travail\/\" class=\"_self pt-cv-readmore btn btn-success\" target=\"_self\">Lire La Suite\u2026<\/a><\/div><\/div><\/div><\/div>\n<div class=\"col-md-6 col-sm-6 col-xs-12 pt-cv-content-item pt-cv-1-col\" ><div class='pt-cv-ifield'><a href=\"https:\/\/laboragora.com\/index.php\/2020\/10\/06\/vers-un-meilleur-multiculturalisme-au-travail\/\" class=\"_self pt-cv-href-thumbnail pt-cv-thumb-default\" target=\"_self\" ><img loading=\"lazy\" decoding=\"async\" width=\"300\" height=\"200\" src=\"https:\/\/laboragora.com\/wp-content\/uploads\/2020\/10\/pexels-helena-lopes-697243-1-300x200.jpg\" class=\"pt-cv-thumbnail\" alt=\"Four Person Standing on Cliff in Front of Sun by Helena Lopes\" srcset=\"https:\/\/laboragora.com\/wp-content\/uploads\/2020\/10\/pexels-helena-lopes-697243-1-300x200.jpg 300w, https:\/\/laboragora.com\/wp-content\/uploads\/2020\/10\/pexels-helena-lopes-697243-1-1024x683.jpg 1024w, https:\/\/laboragora.com\/wp-content\/uploads\/2020\/10\/pexels-helena-lopes-697243-1-768x512.jpg 768w, https:\/\/laboragora.com\/wp-content\/uploads\/2020\/10\/pexels-helena-lopes-697243-1-1536x1024.jpg 1536w, https:\/\/laboragora.com\/wp-content\/uploads\/2020\/10\/pexels-helena-lopes-697243-1-2048x1365.jpg 2048w\" sizes=\"auto, (max-width: 300px) 100vw, 300px\" \/><\/a>\n<h4 class=\"pt-cv-title\"><a href=\"https:\/\/laboragora.com\/index.php\/2020\/10\/06\/vers-un-meilleur-multiculturalisme-au-travail\/\" class=\"_self\" target=\"_self\" >Vers un meilleur Multiculturalisme au travail<\/a><\/h4>\n<div class=\"pt-cv-content\">Favoriser le sentiment d\u2019inclusion et l\u2019\u00e9panouissement identitaire de tou\u2219te\u2219s au travail est n\u00e9cessaire pour limiter les discriminations et lib\u00e9rer les ...<br \/><div class=\"pt-cv-rmwrap\"><a href=\"https:\/\/laboragora.com\/index.php\/2020\/10\/06\/vers-un-meilleur-multiculturalisme-au-travail\/\" class=\"_self pt-cv-readmore btn btn-success\" target=\"_self\">Lire La Suite\u2026<\/a><\/div><\/div><\/div><\/div>\n<div class=\"col-md-6 col-sm-6 col-xs-12 pt-cv-content-item pt-cv-1-col\" ><div class='pt-cv-ifield'><a href=\"https:\/\/laboragora.com\/index.php\/2020\/09\/29\/chronique-scientifique-antisexiste-004-pourquoi-les-gens-qui-se-pensent-les-plus-egalitaires-sont-aussi-ceux-qui-sont-le-sont-le-moins-le-sexisme-et-le-racisme-explique-a-travers-l\/\" class=\"_self pt-cv-href-thumbnail pt-cv-thumb-default\" target=\"_self\" ><img loading=\"lazy\" decoding=\"async\" width=\"300\" height=\"200\" src=\"https:\/\/laboragora.com\/wp-content\/uploads\/2020\/09\/pexels-david-gomes-3054218-300x200.jpg\" class=\"pt-cv-thumbnail\" alt=\"Red Hoodie by David Gomes\" srcset=\"https:\/\/laboragora.com\/wp-content\/uploads\/2020\/09\/pexels-david-gomes-3054218-300x200.jpg 300w, https:\/\/laboragora.com\/wp-content\/uploads\/2020\/09\/pexels-david-gomes-3054218-1024x683.jpg 1024w, https:\/\/laboragora.com\/wp-content\/uploads\/2020\/09\/pexels-david-gomes-3054218-768x512.jpg 768w, https:\/\/laboragora.com\/wp-content\/uploads\/2020\/09\/pexels-david-gomes-3054218-1536x1024.jpg 1536w, https:\/\/laboragora.com\/wp-content\/uploads\/2020\/09\/pexels-david-gomes-3054218-2048x1365.jpg 2048w\" sizes=\"auto, (max-width: 300px) 100vw, 300px\" \/><\/a>\n<h4 class=\"pt-cv-title\"><a href=\"https:\/\/laboragora.com\/index.php\/2020\/09\/29\/chronique-scientifique-antisexiste-004-pourquoi-les-gens-qui-se-pensent-les-plus-egalitaires-sont-aussi-ceux-qui-sont-le-sont-le-moins-le-sexisme-et-le-racisme-explique-a-travers-l\/\" class=\"_self\" target=\"_self\" >Chronique scientifique antisexiste #004 \u2013 Pourquoi les gens qui se pensent les plus \u00e9galitaires sont aussi ceux qui sont le sont le moins ? Le sexisme et le racisme expliqu\u00e9 \u00e0 travers l\u2019effet Dunning-Kruger<\/a><\/h4>\n<div class=\"pt-cv-content\">Temps de lecture : 5 minutes Tous les mois, Violette Kerleaux, chercheuse en psychologie et fondatrice du Purple Lab, d\u00e9crypte ...<br \/><div class=\"pt-cv-rmwrap\"><a href=\"https:\/\/laboragora.com\/index.php\/2020\/09\/29\/chronique-scientifique-antisexiste-004-pourquoi-les-gens-qui-se-pensent-les-plus-egalitaires-sont-aussi-ceux-qui-sont-le-sont-le-moins-le-sexisme-et-le-racisme-explique-a-travers-l\/\" class=\"_self pt-cv-readmore btn btn-success\" target=\"_self\">Lire La Suite\u2026<\/a><\/div><\/div><\/div><\/div>\n<div class=\"col-md-6 col-sm-6 col-xs-12 pt-cv-content-item pt-cv-1-col\" ><div class='pt-cv-ifield'><a href=\"https:\/\/laboragora.com\/index.php\/2020\/08\/27\/chronique-scientifique-antisexiste-003-les-machos-doutent-ils-de-leur-virilite-peur-de-la-contagion-sociale-et-humour-sexiste\/\" class=\"_self pt-cv-href-thumbnail pt-cv-thumb-default\" target=\"_self\" ><img loading=\"lazy\" decoding=\"async\" width=\"300\" height=\"257\" src=\"https:\/\/laboragora.com\/wp-content\/uploads\/2020\/08\/pexels-daria-shevtsova-2245100-300x257.jpg\" class=\"pt-cv-thumbnail\" alt=\"Daria Shevtsova\" srcset=\"https:\/\/laboragora.com\/wp-content\/uploads\/2020\/08\/pexels-daria-shevtsova-2245100-300x257.jpg 300w, https:\/\/laboragora.com\/wp-content\/uploads\/2020\/08\/pexels-daria-shevtsova-2245100-1024x877.jpg 1024w, https:\/\/laboragora.com\/wp-content\/uploads\/2020\/08\/pexels-daria-shevtsova-2245100-768x658.jpg 768w, https:\/\/laboragora.com\/wp-content\/uploads\/2020\/08\/pexels-daria-shevtsova-2245100-1536x1315.jpg 1536w, https:\/\/laboragora.com\/wp-content\/uploads\/2020\/08\/pexels-daria-shevtsova-2245100.jpg 1864w\" sizes=\"auto, (max-width: 300px) 100vw, 300px\" \/><\/a>\n<h4 class=\"pt-cv-title\"><a href=\"https:\/\/laboragora.com\/index.php\/2020\/08\/27\/chronique-scientifique-antisexiste-003-les-machos-doutent-ils-de-leur-virilite-peur-de-la-contagion-sociale-et-humour-sexiste\/\" class=\"_self\" target=\"_self\" >Chronique scientifique antisexiste #003 \u2013 Les machos doutent-ils de leur virilit\u00e9 ? Peur de la contagion sociale et humour sexiste<\/a><\/h4>\n<div class=\"pt-cv-content\">Temps de lecture : 5 minutes Tous les mois, Violette Kerleaux, chercheuse en psychologie et fondatrice du Purple Lab, d\u00e9crypte ...<br \/><div class=\"pt-cv-rmwrap\"><a href=\"https:\/\/laboragora.com\/index.php\/2020\/08\/27\/chronique-scientifique-antisexiste-003-les-machos-doutent-ils-de-leur-virilite-peur-de-la-contagion-sociale-et-humour-sexiste\/\" class=\"_self pt-cv-readmore btn btn-success\" target=\"_self\">Lire La Suite\u2026<\/a><\/div><\/div><\/div><\/div><\/div><\/div><\/div>\n","protected":false},"excerpt":{"rendered":"<p>Allons au fond des choses et cherchons \u00e0 mieux comprendre les processus qui sous-tendent nos comportements au travail.<\/p>\n","protected":false},"author":1,"featured_media":0,"parent":0,"menu_order":0,"comment_status":"closed","ping_status":"closed","template":"","meta":{"footnotes":""},"class_list":["post-743","page","type-page","status-publish","hentry"],"yoast_head":"<!-- This site is optimized with the Yoast SEO plugin v25.5 - https:\/\/yoast.com\/wordpress\/plugins\/seo\/ -->\n<title>Sous la loupe - LaborAgora<\/title>\n<meta name=\"robots\" content=\"index, follow, max-snippet:-1, max-image-preview:large, max-video-preview:-1\" \/>\n<link rel=\"canonical\" href=\"https:\/\/laboragora.com\/index.php\/sous-la-loupe-2\/\" \/>\n<meta property=\"og:locale\" content=\"fr_FR\" \/>\n<meta property=\"og:type\" content=\"article\" \/>\n<meta property=\"og:title\" content=\"Sous la loupe - LaborAgora\" \/>\n<meta property=\"og:description\" content=\"Allons au fond des choses et cherchons \u00e0 mieux comprendre les processus qui sous-tendent nos comportements au travail.\" \/>\n<meta property=\"og:url\" content=\"https:\/\/laboragora.com\/index.php\/sous-la-loupe-2\/\" \/>\n<meta property=\"og:site_name\" content=\"LaborAgora\" \/>\n<meta property=\"article:modified_time\" content=\"2018-08-23T16:42:36+00:00\" \/>\n<meta name=\"twitter:card\" content=\"summary_large_image\" \/>\n<meta name=\"twitter:site\" content=\"@LaborAgora\" \/>\n<script type=\"application\/ld+json\" class=\"yoast-schema-graph\">{\"@context\":\"https:\/\/schema.org\",\"@graph\":[{\"@type\":\"WebPage\",\"@id\":\"https:\/\/laboragora.com\/index.php\/sous-la-loupe-2\/\",\"url\":\"https:\/\/laboragora.com\/index.php\/sous-la-loupe-2\/\",\"name\":\"Sous la loupe - LaborAgora\",\"isPartOf\":{\"@id\":\"https:\/\/laboragora.com\/#website\"},\"datePublished\":\"2018-08-23T14:17:54+00:00\",\"dateModified\":\"2018-08-23T16:42:36+00:00\",\"breadcrumb\":{\"@id\":\"https:\/\/laboragora.com\/index.php\/sous-la-loupe-2\/#breadcrumb\"},\"inLanguage\":\"fr-FR\",\"potentialAction\":[{\"@type\":\"ReadAction\",\"target\":[\"https:\/\/laboragora.com\/index.php\/sous-la-loupe-2\/\"]}]},{\"@type\":\"BreadcrumbList\",\"@id\":\"https:\/\/laboragora.com\/index.php\/sous-la-loupe-2\/#breadcrumb\",\"itemListElement\":[{\"@type\":\"ListItem\",\"position\":1,\"name\":\"Accueil\",\"item\":\"https:\/\/laboragora.com\/\"},{\"@type\":\"ListItem\",\"position\":2,\"name\":\"Sous la loupe\"}]},{\"@type\":\"WebSite\",\"@id\":\"https:\/\/laboragora.com\/#website\",\"url\":\"https:\/\/laboragora.com\/\",\"name\":\"LaborAgora\",\"description\":\"De la recherche scientifique au management\",\"publisher\":{\"@id\":\"https:\/\/laboragora.com\/#organization\"},\"potentialAction\":[{\"@type\":\"SearchAction\",\"target\":{\"@type\":\"EntryPoint\",\"urlTemplate\":\"https:\/\/laboragora.com\/?s={search_term_string}\"},\"query-input\":{\"@type\":\"PropertyValueSpecification\",\"valueRequired\":true,\"valueName\":\"search_term_string\"}}],\"inLanguage\":\"fr-FR\"},{\"@type\":\"Organization\",\"@id\":\"https:\/\/laboragora.com\/#organization\",\"name\":\"LaborAgora\",\"url\":\"https:\/\/laboragora.com\/\",\"logo\":{\"@type\":\"ImageObject\",\"inLanguage\":\"fr-FR\",\"@id\":\"https:\/\/laboragora.com\/#\/schema\/logo\/image\/\",\"url\":\"https:\/\/laboragora.com\/wp-content\/uploads\/2023\/08\/Slide1-1.png\",\"contentUrl\":\"https:\/\/laboragora.com\/wp-content\/uploads\/2023\/08\/Slide1-1.png\",\"width\":2646,\"height\":720,\"caption\":\"LaborAgora\"},\"image\":{\"@id\":\"https:\/\/laboragora.com\/#\/schema\/logo\/image\/\"},\"sameAs\":[\"https:\/\/x.com\/LaborAgora\"]}]}<\/script>\n<!-- \/ Yoast SEO plugin. -->","yoast_head_json":{"title":"Sous la loupe - LaborAgora","robots":{"index":"index","follow":"follow","max-snippet":"max-snippet:-1","max-image-preview":"max-image-preview:large","max-video-preview":"max-video-preview:-1"},"canonical":"https:\/\/laboragora.com\/index.php\/sous-la-loupe-2\/","og_locale":"fr_FR","og_type":"article","og_title":"Sous la loupe - LaborAgora","og_description":"Allons au fond des choses et cherchons \u00e0 mieux comprendre les processus qui sous-tendent nos comportements au travail.","og_url":"https:\/\/laboragora.com\/index.php\/sous-la-loupe-2\/","og_site_name":"LaborAgora","article_modified_time":"2018-08-23T16:42:36+00:00","twitter_card":"summary_large_image","twitter_site":"@LaborAgora","schema":{"@context":"https:\/\/schema.org","@graph":[{"@type":"WebPage","@id":"https:\/\/laboragora.com\/index.php\/sous-la-loupe-2\/","url":"https:\/\/laboragora.com\/index.php\/sous-la-loupe-2\/","name":"Sous la loupe - LaborAgora","isPartOf":{"@id":"https:\/\/laboragora.com\/#website"},"datePublished":"2018-08-23T14:17:54+00:00","dateModified":"2018-08-23T16:42:36+00:00","breadcrumb":{"@id":"https:\/\/laboragora.com\/index.php\/sous-la-loupe-2\/#breadcrumb"},"inLanguage":"fr-FR","potentialAction":[{"@type":"ReadAction","target":["https:\/\/laboragora.com\/index.php\/sous-la-loupe-2\/"]}]},{"@type":"BreadcrumbList","@id":"https:\/\/laboragora.com\/index.php\/sous-la-loupe-2\/#breadcrumb","itemListElement":[{"@type":"ListItem","position":1,"name":"Accueil","item":"https:\/\/laboragora.com\/"},{"@type":"ListItem","position":2,"name":"Sous la loupe"}]},{"@type":"WebSite","@id":"https:\/\/laboragora.com\/#website","url":"https:\/\/laboragora.com\/","name":"LaborAgora","description":"De la recherche scientifique au management","publisher":{"@id":"https:\/\/laboragora.com\/#organization"},"potentialAction":[{"@type":"SearchAction","target":{"@type":"EntryPoint","urlTemplate":"https:\/\/laboragora.com\/?s={search_term_string}"},"query-input":{"@type":"PropertyValueSpecification","valueRequired":true,"valueName":"search_term_string"}}],"inLanguage":"fr-FR"},{"@type":"Organization","@id":"https:\/\/laboragora.com\/#organization","name":"LaborAgora","url":"https:\/\/laboragora.com\/","logo":{"@type":"ImageObject","inLanguage":"fr-FR","@id":"https:\/\/laboragora.com\/#\/schema\/logo\/image\/","url":"https:\/\/laboragora.com\/wp-content\/uploads\/2023\/08\/Slide1-1.png","contentUrl":"https:\/\/laboragora.com\/wp-content\/uploads\/2023\/08\/Slide1-1.png","width":2646,"height":720,"caption":"LaborAgora"},"image":{"@id":"https:\/\/laboragora.com\/#\/schema\/logo\/image\/"},"sameAs":["https:\/\/x.com\/LaborAgora"]}]}},"_links":{"self":[{"href":"https:\/\/laboragora.com\/index.php\/wp-json\/wp\/v2\/pages\/743","targetHints":{"allow":["GET"]}}],"collection":[{"href":"https:\/\/laboragora.com\/index.php\/wp-json\/wp\/v2\/pages"}],"about":[{"href":"https:\/\/laboragora.com\/index.php\/wp-json\/wp\/v2\/types\/page"}],"author":[{"embeddable":true,"href":"https:\/\/laboragora.com\/index.php\/wp-json\/wp\/v2\/users\/1"}],"replies":[{"embeddable":true,"href":"https:\/\/laboragora.com\/index.php\/wp-json\/wp\/v2\/comments?post=743"}],"version-history":[{"count":4,"href":"https:\/\/laboragora.com\/index.php\/wp-json\/wp\/v2\/pages\/743\/revisions"}],"predecessor-version":[{"id":860,"href":"https:\/\/laboragora.com\/index.php\/wp-json\/wp\/v2\/pages\/743\/revisions\/860"}],"wp:attachment":[{"href":"https:\/\/laboragora.com\/index.php\/wp-json\/wp\/v2\/media?parent=743"}],"curies":[{"name":"wp","href":"https:\/\/api.w.org\/{rel}","templated":true}]}}