{"id":732,"date":"2018-08-23T16:08:41","date_gmt":"2018-08-23T14:08:41","guid":{"rendered":"http:\/\/laboragora.com\/?page_id=732"},"modified":"2018-08-23T18:44:49","modified_gmt":"2018-08-23T16:44:49","slug":"efficacite-individuelle","status":"publish","type":"page","link":"https:\/\/laboragora.com\/index.php\/efficacite-individuelle\/","title":{"rendered":"Efficacit\u00e9 individuelle"},"content":{"rendered":"<p style=\"text-align: center;\"><span style=\"color: #000000;\">Pour comprendre votre propre performance, voici quelques pistes !<br \/>\n<\/span><\/p>\n<hr \/>\n<div class=\"pt-cv-wrapper\"><div class=\"pt-cv-view pt-cv-grid pt-cv-colsys\" id=\"pt-cv-view-949450dr8e\"><div data-id=\"pt-cv-page-1\" class=\"pt-cv-page\" data-cvc=\"2\"><div class=\"col-md-6 col-sm-6 col-xs-12 pt-cv-content-item pt-cv-1-col\" ><div class='pt-cv-ifield'><a href=\"https:\/\/laboragora.com\/index.php\/2021\/06\/02\/digital-nomads-entre-liberte-et-discipline\/\" class=\"_self pt-cv-href-thumbnail pt-cv-thumb-default\" target=\"_self\" ><img loading=\"lazy\" decoding=\"async\" width=\"300\" height=\"200\" src=\"https:\/\/laboragora.com\/wp-content\/uploads\/2021\/06\/Manteau-Marron-Pour-Homme-by-Andrea-Piacquadio-300x200.jpg\" class=\"pt-cv-thumbnail\" alt=\"Manteau Marron Pour Homme by Andrea Piacquadio\" srcset=\"https:\/\/laboragora.com\/wp-content\/uploads\/2021\/06\/Manteau-Marron-Pour-Homme-by-Andrea-Piacquadio-300x200.jpg 300w, https:\/\/laboragora.com\/wp-content\/uploads\/2021\/06\/Manteau-Marron-Pour-Homme-by-Andrea-Piacquadio-1024x684.jpg 1024w, https:\/\/laboragora.com\/wp-content\/uploads\/2021\/06\/Manteau-Marron-Pour-Homme-by-Andrea-Piacquadio-768x513.jpg 768w, https:\/\/laboragora.com\/wp-content\/uploads\/2021\/06\/Manteau-Marron-Pour-Homme-by-Andrea-Piacquadio-1536x1026.jpg 1536w, https:\/\/laboragora.com\/wp-content\/uploads\/2021\/06\/Manteau-Marron-Pour-Homme-by-Andrea-Piacquadio-2048x1368.jpg 2048w\" sizes=\"auto, (max-width: 300px) 100vw, 300px\" \/><\/a>\n<h4 class=\"pt-cv-title\"><a href=\"https:\/\/laboragora.com\/index.php\/2021\/06\/02\/digital-nomads-entre-liberte-et-discipline\/\" class=\"_self\" target=\"_self\" >Digitals nomads : entre libert\u00e9 et discipline<\/a><\/h4>\n<div class=\"pt-cv-content\">A terme, la pand\u00e9mie pourrait bien inciter plus de personnes \u00e0 embrasser le mode de vie des digital nomads, ces ...<br \/><div class=\"pt-cv-rmwrap\"><a href=\"https:\/\/laboragora.com\/index.php\/2021\/06\/02\/digital-nomads-entre-liberte-et-discipline\/\" class=\"_self pt-cv-readmore btn btn-success\" target=\"_self\">Lire La Suite\u2026<\/a><\/div><\/div><\/div><\/div>\n<div class=\"col-md-6 col-sm-6 col-xs-12 pt-cv-content-item pt-cv-1-col\" ><div class='pt-cv-ifield'><a href=\"https:\/\/laboragora.com\/index.php\/2020\/11\/25\/quatre-astuces-pour-etre-raciste-sans-en-avoir-lair\/\" class=\"_self pt-cv-href-thumbnail pt-cv-thumb-default\" target=\"_self\" ><img loading=\"lazy\" decoding=\"async\" width=\"300\" height=\"200\" src=\"https:\/\/laboragora.com\/wp-content\/uploads\/2020\/11\/pexels-karolina-grabowska-4202464-1-300x200.jpg\" class=\"pt-cv-thumbnail\" alt=\"Four Toothbrush on White Surface by Karolina Grabowska\" srcset=\"https:\/\/laboragora.com\/wp-content\/uploads\/2020\/11\/pexels-karolina-grabowska-4202464-1-300x200.jpg 300w, https:\/\/laboragora.com\/wp-content\/uploads\/2020\/11\/pexels-karolina-grabowska-4202464-1-1024x683.jpg 1024w, https:\/\/laboragora.com\/wp-content\/uploads\/2020\/11\/pexels-karolina-grabowska-4202464-1-768x512.jpg 768w, https:\/\/laboragora.com\/wp-content\/uploads\/2020\/11\/pexels-karolina-grabowska-4202464-1-1536x1024.jpg 1536w, https:\/\/laboragora.com\/wp-content\/uploads\/2020\/11\/pexels-karolina-grabowska-4202464-1-2048x1365.jpg 2048w\" sizes=\"auto, (max-width: 300px) 100vw, 300px\" \/><\/a>\n<h4 class=\"pt-cv-title\"><a href=\"https:\/\/laboragora.com\/index.php\/2020\/11\/25\/quatre-astuces-pour-etre-raciste-sans-en-avoir-lair\/\" class=\"_self\" target=\"_self\" >Quatre astuces pour \u00eatre raciste sans en avoir l&rsquo;air<\/a><\/h4>\n<div class=\"pt-cv-content\">Vous voulez exprimer des opinions discriminantes, mais vous avez peur de passer pour un raciste ? Pas de probl\u00e8me ! ...<br \/><div class=\"pt-cv-rmwrap\"><a href=\"https:\/\/laboragora.com\/index.php\/2020\/11\/25\/quatre-astuces-pour-etre-raciste-sans-en-avoir-lair\/\" class=\"_self pt-cv-readmore btn btn-success\" target=\"_self\">Lire La Suite\u2026<\/a><\/div><\/div><\/div><\/div>\n<div class=\"col-md-6 col-sm-6 col-xs-12 pt-cv-content-item pt-cv-1-col\" ><div class='pt-cv-ifield'><a href=\"https:\/\/laboragora.com\/index.php\/2020\/05\/18\/idees-recues-sur-les-biais-cognitifs\/\" class=\"_self pt-cv-href-thumbnail pt-cv-thumb-default\" target=\"_self\" ><img loading=\"lazy\" decoding=\"async\" width=\"300\" height=\"200\" src=\"https:\/\/laboragora.com\/wp-content\/uploads\/2020\/05\/addition-black-and-white-black-and-white-chalk-374918-1-300x200.jpg\" class=\"pt-cv-thumbnail\" alt=\"\" srcset=\"https:\/\/laboragora.com\/wp-content\/uploads\/2020\/05\/addition-black-and-white-black-and-white-chalk-374918-1-300x200.jpg 300w, https:\/\/laboragora.com\/wp-content\/uploads\/2020\/05\/addition-black-and-white-black-and-white-chalk-374918-1-1024x683.jpg 1024w, https:\/\/laboragora.com\/wp-content\/uploads\/2020\/05\/addition-black-and-white-black-and-white-chalk-374918-1-768x512.jpg 768w, https:\/\/laboragora.com\/wp-content\/uploads\/2020\/05\/addition-black-and-white-black-and-white-chalk-374918-1-1536x1024.jpg 1536w, https:\/\/laboragora.com\/wp-content\/uploads\/2020\/05\/addition-black-and-white-black-and-white-chalk-374918-1-2048x1365.jpg 2048w\" sizes=\"auto, (max-width: 300px) 100vw, 300px\" \/><\/a>\n<h4 class=\"pt-cv-title\"><a href=\"https:\/\/laboragora.com\/index.php\/2020\/05\/18\/idees-recues-sur-les-biais-cognitifs\/\" class=\"_self\" target=\"_self\" >7 id\u00e9es re\u00e7ues sur les biais cognitifs<\/a><\/h4>\n<div class=\"pt-cv-content\">On entend beaucoup parler des biais cognitifs que ce soit sur les r\u00e9seaux sociaux, dans des blogs ou des s\u00e9minaires, ...<br \/><div class=\"pt-cv-rmwrap\"><a href=\"https:\/\/laboragora.com\/index.php\/2020\/05\/18\/idees-recues-sur-les-biais-cognitifs\/\" class=\"_self pt-cv-readmore btn btn-success\" target=\"_self\">Lire La Suite\u2026<\/a><\/div><\/div><\/div><\/div>\n<div class=\"col-md-6 col-sm-6 col-xs-12 pt-cv-content-item pt-cv-1-col\" ><div class='pt-cv-ifield'><a href=\"https:\/\/laboragora.com\/index.php\/2019\/07\/29\/teletravail-bonne-ou-mauvaise-idee\/\" class=\"_self pt-cv-href-thumbnail pt-cv-thumb-default\" target=\"_self\" ><img loading=\"lazy\" decoding=\"async\" width=\"300\" height=\"238\" src=\"https:\/\/laboragora.com\/wp-content\/uploads\/2019\/07\/bath-time-bath-towels-bathed-1585613-300x238.jpg\" class=\"pt-cv-thumbnail\" alt=\"Craig Adderley\" srcset=\"https:\/\/laboragora.com\/wp-content\/uploads\/2019\/07\/bath-time-bath-towels-bathed-1585613-300x238.jpg 300w, https:\/\/laboragora.com\/wp-content\/uploads\/2019\/07\/bath-time-bath-towels-bathed-1585613-768x610.jpg 768w, https:\/\/laboragora.com\/wp-content\/uploads\/2019\/07\/bath-time-bath-towels-bathed-1585613-1024x813.jpg 1024w, https:\/\/laboragora.com\/wp-content\/uploads\/2019\/07\/bath-time-bath-towels-bathed-1585613-820x651.jpg 820w\" sizes=\"auto, (max-width: 300px) 100vw, 300px\" \/><\/a>\n<h4 class=\"pt-cv-title\"><a href=\"https:\/\/laboragora.com\/index.php\/2019\/07\/29\/teletravail-bonne-ou-mauvaise-idee\/\" class=\"_self\" target=\"_self\" >T\u00e9l\u00e9travail : bonne ou mauvaise id\u00e9e ?<\/a><\/h4>\n<div class=\"pt-cv-content\">Si le t\u00e9l\u00e9travail fait souvent r\u00eaver, il concentre aussi une forte appr\u00e9hension \u00e0 son \u00e9gard. Quoiqu\u2019il en soit, il fait ...<br \/><div class=\"pt-cv-rmwrap\"><a href=\"https:\/\/laboragora.com\/index.php\/2019\/07\/29\/teletravail-bonne-ou-mauvaise-idee\/\" class=\"_self pt-cv-readmore btn btn-success\" target=\"_self\">Lire La Suite\u2026<\/a><\/div><\/div><\/div><\/div>\n<div class=\"col-md-6 col-sm-6 col-xs-12 pt-cv-content-item pt-cv-1-col\" ><div class='pt-cv-ifield'><a href=\"https:\/\/laboragora.com\/index.php\/2019\/05\/30\/burnout-faisons-le-point\/\" class=\"_self pt-cv-href-thumbnail pt-cv-thumb-default\" target=\"_self\" ><img loading=\"lazy\" decoding=\"async\" width=\"300\" height=\"199\" src=\"https:\/\/laboragora.com\/wp-content\/uploads\/2019\/05\/design-desk-eyewear-313690-e1559208237824-300x199.jpg\" class=\"pt-cv-thumbnail\" alt=\"\" srcset=\"https:\/\/laboragora.com\/wp-content\/uploads\/2019\/05\/design-desk-eyewear-313690-e1559208237824-300x199.jpg 300w, https:\/\/laboragora.com\/wp-content\/uploads\/2019\/05\/design-desk-eyewear-313690-e1559208237824-768x511.jpg 768w, https:\/\/laboragora.com\/wp-content\/uploads\/2019\/05\/design-desk-eyewear-313690-e1559208237824-1024x681.jpg 1024w, https:\/\/laboragora.com\/wp-content\/uploads\/2019\/05\/design-desk-eyewear-313690-e1559208237824-600x400.jpg 600w, https:\/\/laboragora.com\/wp-content\/uploads\/2019\/05\/design-desk-eyewear-313690-e1559208237824-820x545.jpg 820w\" sizes=\"auto, (max-width: 300px) 100vw, 300px\" \/><\/a>\n<h4 class=\"pt-cv-title\"><a href=\"https:\/\/laboragora.com\/index.php\/2019\/05\/30\/burnout-faisons-le-point\/\" class=\"_self\" target=\"_self\" >Burnout, faisons le point<\/a><\/h4>\n<div class=\"pt-cv-content\">Ce 27 mai 2019, l\u2019Organisation Mondiale de la Sant\u00e9 a ajout\u00e9 le burnout \u00e0 sa classification internationale des maladies. C\u2019est ...<br \/><div class=\"pt-cv-rmwrap\"><a href=\"https:\/\/laboragora.com\/index.php\/2019\/05\/30\/burnout-faisons-le-point\/\" class=\"_self pt-cv-readmore btn btn-success\" target=\"_self\">Lire La Suite\u2026<\/a><\/div><\/div><\/div><\/div>\n<div class=\"col-md-6 col-sm-6 col-xs-12 pt-cv-content-item pt-cv-1-col\" ><div class='pt-cv-ifield'><a href=\"https:\/\/laboragora.com\/index.php\/2019\/04\/18\/avez-vous-une-bonne-competence-interculturelle\/\" class=\"_self pt-cv-href-thumbnail pt-cv-thumb-default\" target=\"_self\" ><img loading=\"lazy\" decoding=\"async\" width=\"300\" height=\"192\" src=\"https:\/\/laboragora.com\/wp-content\/uploads\/2019\/04\/airplane-architecture-bird-s-eye-view-1302991-300x192.jpg\" class=\"pt-cv-thumbnail\" alt=\"by Lazy Artist\" srcset=\"https:\/\/laboragora.com\/wp-content\/uploads\/2019\/04\/airplane-architecture-bird-s-eye-view-1302991-300x192.jpg 300w, https:\/\/laboragora.com\/wp-content\/uploads\/2019\/04\/airplane-architecture-bird-s-eye-view-1302991-768x492.jpg 768w, https:\/\/laboragora.com\/wp-content\/uploads\/2019\/04\/airplane-architecture-bird-s-eye-view-1302991-1024x656.jpg 1024w, https:\/\/laboragora.com\/wp-content\/uploads\/2019\/04\/airplane-architecture-bird-s-eye-view-1302991-820x525.jpg 820w\" sizes=\"auto, (max-width: 300px) 100vw, 300px\" \/><\/a>\n<h4 class=\"pt-cv-title\"><a href=\"https:\/\/laboragora.com\/index.php\/2019\/04\/18\/avez-vous-une-bonne-competence-interculturelle\/\" class=\"_self\" target=\"_self\" >Avez-vous une bonne comp\u00e9tence interculturelle ?<\/a><\/h4>\n<div class=\"pt-cv-content\">Dans un monde globalis\u00e9 comme le n\u00f4tre, une bonne comp\u00e9tence interculturelle est un atout majeur. Malgr\u00e9 cela et comme le ...<br \/><div class=\"pt-cv-rmwrap\"><a href=\"https:\/\/laboragora.com\/index.php\/2019\/04\/18\/avez-vous-une-bonne-competence-interculturelle\/\" class=\"_self pt-cv-readmore btn btn-success\" target=\"_self\">Lire La Suite\u2026<\/a><\/div><\/div><\/div><\/div>\n<div class=\"col-md-6 col-sm-6 col-xs-12 pt-cv-content-item pt-cv-1-col\" ><div class='pt-cv-ifield'><a href=\"https:\/\/laboragora.com\/index.php\/2017\/01\/23\/7-outils-gratuits-pour-bien-organiser-son-travail\/\" class=\"_self pt-cv-href-thumbnail pt-cv-thumb-default\" target=\"_self\" ><img loading=\"lazy\" decoding=\"async\" width=\"300\" height=\"180\" src=\"https:\/\/laboragora.com\/wp-content\/uploads\/2017\/01\/man-using-laptop-on-table-against-white-background-257897-300x180.jpg\" class=\"pt-cv-thumbnail\" alt=\"\" srcset=\"https:\/\/laboragora.com\/wp-content\/uploads\/2017\/01\/man-using-laptop-on-table-against-white-background-257897-300x180.jpg 300w, https:\/\/laboragora.com\/wp-content\/uploads\/2017\/01\/man-using-laptop-on-table-against-white-background-257897-1024x615.jpg 1024w, https:\/\/laboragora.com\/wp-content\/uploads\/2017\/01\/man-using-laptop-on-table-against-white-background-257897-768x461.jpg 768w, https:\/\/laboragora.com\/wp-content\/uploads\/2017\/01\/man-using-laptop-on-table-against-white-background-257897-1536x923.jpg 1536w, https:\/\/laboragora.com\/wp-content\/uploads\/2017\/01\/man-using-laptop-on-table-against-white-background-257897-2048x1230.jpg 2048w\" sizes=\"auto, (max-width: 300px) 100vw, 300px\" \/><\/a>\n<h4 class=\"pt-cv-title\"><a href=\"https:\/\/laboragora.com\/index.php\/2017\/01\/23\/7-outils-gratuits-pour-bien-organiser-son-travail\/\" class=\"_self\" target=\"_self\" >10 outils pour bien organiser son travail<\/a><\/h4>\n<div class=\"pt-cv-content\">article mis \u00e0 jour le 30 mars 2020 Marre de procrastiner ? Besoin d\u2019\u00eatre plus productif ? Aujourd\u2019hui, je vous ...<br \/><div class=\"pt-cv-rmwrap\"><a href=\"https:\/\/laboragora.com\/index.php\/2017\/01\/23\/7-outils-gratuits-pour-bien-organiser-son-travail\/\" class=\"_self pt-cv-readmore btn btn-success\" target=\"_self\">Lire La Suite\u2026<\/a><\/div><\/div><\/div><\/div>\n<div class=\"col-md-6 col-sm-6 col-xs-12 pt-cv-content-item pt-cv-1-col\" ><div class='pt-cv-ifield'><a href=\"https:\/\/laboragora.com\/index.php\/2015\/09\/21\/appli-mobile-smartphone-de-drh\/\" class=\"_self pt-cv-href-thumbnail pt-cv-thumb-default\" target=\"_self\" ><img loading=\"lazy\" decoding=\"async\" width=\"300\" height=\"169\" src=\"https:\/\/laboragora.com\/wp-content\/uploads\/2018\/08\/17471462035_e7eaa1bece_o-300x169.jpg\" class=\"pt-cv-thumbnail\" alt=\"\" srcset=\"https:\/\/laboragora.com\/wp-content\/uploads\/2018\/08\/17471462035_e7eaa1bece_o-300x169.jpg 300w, https:\/\/laboragora.com\/wp-content\/uploads\/2018\/08\/17471462035_e7eaa1bece_o-768x432.jpg 768w, https:\/\/laboragora.com\/wp-content\/uploads\/2018\/08\/17471462035_e7eaa1bece_o-1024x576.jpg 1024w\" sizes=\"auto, (max-width: 300px) 100vw, 300px\" \/><\/a>\n<h4 class=\"pt-cv-title\"><a href=\"https:\/\/laboragora.com\/index.php\/2015\/09\/21\/appli-mobile-smartphone-de-drh\/\" class=\"_self\" target=\"_self\" >Applications mobile pour smartphones de DRH<\/a><\/h4>\n<div class=\"pt-cv-content\">\u00ab Big Data \u00bb, \u00ab Digitalisation des RH \u00bb, en vous tenant au courant de l\u2019actualit\u00e9 au niveau de la ...<br \/><div class=\"pt-cv-rmwrap\"><a href=\"https:\/\/laboragora.com\/index.php\/2015\/09\/21\/appli-mobile-smartphone-de-drh\/\" class=\"_self pt-cv-readmore btn btn-success\" target=\"_self\">Lire La Suite\u2026<\/a><\/div><\/div><\/div><\/div>\n<div class=\"col-md-6 col-sm-6 col-xs-12 pt-cv-content-item pt-cv-1-col\" ><div class='pt-cv-ifield'><a href=\"https:\/\/laboragora.com\/index.php\/2015\/08\/27\/des-motivations-et-des-buts\/\" class=\"_self pt-cv-href-thumbnail pt-cv-thumb-default\" target=\"_self\" ><img loading=\"lazy\" decoding=\"async\" width=\"300\" height=\"200\" src=\"https:\/\/laboragora.com\/wp-content\/uploads\/2018\/08\/4076919342_6b7b9ff316_b-300x200.jpg\" class=\"pt-cv-thumbnail\" alt=\"\" srcset=\"https:\/\/laboragora.com\/wp-content\/uploads\/2018\/08\/4076919342_6b7b9ff316_b-300x200.jpg 300w, https:\/\/laboragora.com\/wp-content\/uploads\/2018\/08\/4076919342_6b7b9ff316_b-768x512.jpg 768w, https:\/\/laboragora.com\/wp-content\/uploads\/2018\/08\/4076919342_6b7b9ff316_b.jpg 1024w\" sizes=\"auto, (max-width: 300px) 100vw, 300px\" \/><\/a>\n<h4 class=\"pt-cv-title\"><a href=\"https:\/\/laboragora.com\/index.php\/2015\/08\/27\/des-motivations-et-des-buts\/\" class=\"_self\" target=\"_self\" >Des motivations et des buts<\/a><\/h4>\n<div class=\"pt-cv-content\">La motivation, comprise ici comme source d\u2019allant au travail, peut-\u00eatre vue comme la clef de vo\u00fbte des processus permettant l\u2019accomplissement ...<br \/><div class=\"pt-cv-rmwrap\"><a href=\"https:\/\/laboragora.com\/index.php\/2015\/08\/27\/des-motivations-et-des-buts\/\" class=\"_self pt-cv-readmore btn btn-success\" target=\"_self\">Lire La Suite\u2026<\/a><\/div><\/div><\/div><\/div>\n<div class=\"col-md-6 col-sm-6 col-xs-12 pt-cv-content-item pt-cv-1-col\" ><div class='pt-cv-ifield'><a href=\"https:\/\/laboragora.com\/index.php\/2015\/08\/27\/lentretien-professionnel-une-contrainte-ou-une-opportunite\/\" class=\"_self pt-cv-href-thumbnail pt-cv-thumb-default\" target=\"_self\" ><img loading=\"lazy\" decoding=\"async\" width=\"300\" height=\"199\" src=\"https:\/\/laboragora.com\/wp-content\/uploads\/2018\/08\/entretien-300x199.jpg\" class=\"pt-cv-thumbnail\" alt=\"\" srcset=\"https:\/\/laboragora.com\/wp-content\/uploads\/2018\/08\/entretien-300x199.jpg 300w, https:\/\/laboragora.com\/wp-content\/uploads\/2018\/08\/entretien-768x510.jpg 768w, https:\/\/laboragora.com\/wp-content\/uploads\/2018\/08\/entretien-1024x680.jpg 1024w\" sizes=\"auto, (max-width: 300px) 100vw, 300px\" \/><\/a>\n<h4 class=\"pt-cv-title\"><a href=\"https:\/\/laboragora.com\/index.php\/2015\/08\/27\/lentretien-professionnel-une-contrainte-ou-une-opportunite\/\" class=\"_self\" target=\"_self\" >L&rsquo;entretien professionnel, comment l&rsquo;organiser avec les autres pratiques manag\u00e9riales ?<\/a><\/h4>\n<div class=\"pt-cv-content\">Avec la r\u00e9forme sur la formation professionnelle, les entreprises vont se voir contraintes de repenser leurs pratiques d\u2019entretiens des salari\u00e9s ...<br \/><div class=\"pt-cv-rmwrap\"><a href=\"https:\/\/laboragora.com\/index.php\/2015\/08\/27\/lentretien-professionnel-une-contrainte-ou-une-opportunite\/\" class=\"_self pt-cv-readmore btn btn-success\" target=\"_self\">Lire La Suite\u2026<\/a><\/div><\/div><\/div><\/div><\/div><\/div><\/div>\n","protected":false},"excerpt":{"rendered":"<p>Pour comprendre votre propre performance, voici quelques pistes !<\/p>\n","protected":false},"author":1,"featured_media":0,"parent":0,"menu_order":0,"comment_status":"closed","ping_status":"closed","template":"","meta":{"footnotes":""},"class_list":["post-732","page","type-page","status-publish","hentry"],"yoast_head":"<!-- This site is optimized with the Yoast SEO plugin v25.5 - https:\/\/yoast.com\/wordpress\/plugins\/seo\/ -->\n<title>Efficacit\u00e9 individuelle - LaborAgora<\/title>\n<meta name=\"robots\" content=\"index, follow, max-snippet:-1, max-image-preview:large, max-video-preview:-1\" \/>\n<link rel=\"canonical\" href=\"https:\/\/laboragora.com\/index.php\/efficacite-individuelle\/\" \/>\n<meta property=\"og:locale\" content=\"fr_FR\" \/>\n<meta property=\"og:type\" content=\"article\" \/>\n<meta property=\"og:title\" content=\"Efficacit\u00e9 individuelle - LaborAgora\" \/>\n<meta property=\"og:description\" content=\"Pour comprendre votre propre performance, voici quelques pistes !\" \/>\n<meta property=\"og:url\" content=\"https:\/\/laboragora.com\/index.php\/efficacite-individuelle\/\" \/>\n<meta property=\"og:site_name\" content=\"LaborAgora\" \/>\n<meta property=\"article:modified_time\" content=\"2018-08-23T16:44:49+00:00\" \/>\n<meta name=\"twitter:card\" content=\"summary_large_image\" \/>\n<meta name=\"twitter:site\" content=\"@LaborAgora\" \/>\n<script type=\"application\/ld+json\" class=\"yoast-schema-graph\">{\"@context\":\"https:\/\/schema.org\",\"@graph\":[{\"@type\":\"WebPage\",\"@id\":\"https:\/\/laboragora.com\/index.php\/efficacite-individuelle\/\",\"url\":\"https:\/\/laboragora.com\/index.php\/efficacite-individuelle\/\",\"name\":\"Efficacit\u00e9 individuelle - LaborAgora\",\"isPartOf\":{\"@id\":\"https:\/\/laboragora.com\/#website\"},\"datePublished\":\"2018-08-23T14:08:41+00:00\",\"dateModified\":\"2018-08-23T16:44:49+00:00\",\"breadcrumb\":{\"@id\":\"https:\/\/laboragora.com\/index.php\/efficacite-individuelle\/#breadcrumb\"},\"inLanguage\":\"fr-FR\",\"potentialAction\":[{\"@type\":\"ReadAction\",\"target\":[\"https:\/\/laboragora.com\/index.php\/efficacite-individuelle\/\"]}]},{\"@type\":\"BreadcrumbList\",\"@id\":\"https:\/\/laboragora.com\/index.php\/efficacite-individuelle\/#breadcrumb\",\"itemListElement\":[{\"@type\":\"ListItem\",\"position\":1,\"name\":\"Accueil\",\"item\":\"https:\/\/laboragora.com\/\"},{\"@type\":\"ListItem\",\"position\":2,\"name\":\"Efficacit\u00e9 individuelle\"}]},{\"@type\":\"WebSite\",\"@id\":\"https:\/\/laboragora.com\/#website\",\"url\":\"https:\/\/laboragora.com\/\",\"name\":\"LaborAgora\",\"description\":\"De la recherche scientifique au management\",\"publisher\":{\"@id\":\"https:\/\/laboragora.com\/#organization\"},\"potentialAction\":[{\"@type\":\"SearchAction\",\"target\":{\"@type\":\"EntryPoint\",\"urlTemplate\":\"https:\/\/laboragora.com\/?s={search_term_string}\"},\"query-input\":{\"@type\":\"PropertyValueSpecification\",\"valueRequired\":true,\"valueName\":\"search_term_string\"}}],\"inLanguage\":\"fr-FR\"},{\"@type\":\"Organization\",\"@id\":\"https:\/\/laboragora.com\/#organization\",\"name\":\"LaborAgora\",\"url\":\"https:\/\/laboragora.com\/\",\"logo\":{\"@type\":\"ImageObject\",\"inLanguage\":\"fr-FR\",\"@id\":\"https:\/\/laboragora.com\/#\/schema\/logo\/image\/\",\"url\":\"https:\/\/laboragora.com\/wp-content\/uploads\/2023\/08\/Slide1-1.png\",\"contentUrl\":\"https:\/\/laboragora.com\/wp-content\/uploads\/2023\/08\/Slide1-1.png\",\"width\":2646,\"height\":720,\"caption\":\"LaborAgora\"},\"image\":{\"@id\":\"https:\/\/laboragora.com\/#\/schema\/logo\/image\/\"},\"sameAs\":[\"https:\/\/x.com\/LaborAgora\"]}]}<\/script>\n<!-- \/ Yoast SEO plugin. -->","yoast_head_json":{"title":"Efficacit\u00e9 individuelle - LaborAgora","robots":{"index":"index","follow":"follow","max-snippet":"max-snippet:-1","max-image-preview":"max-image-preview:large","max-video-preview":"max-video-preview:-1"},"canonical":"https:\/\/laboragora.com\/index.php\/efficacite-individuelle\/","og_locale":"fr_FR","og_type":"article","og_title":"Efficacit\u00e9 individuelle - LaborAgora","og_description":"Pour comprendre votre propre performance, voici quelques pistes !","og_url":"https:\/\/laboragora.com\/index.php\/efficacite-individuelle\/","og_site_name":"LaborAgora","article_modified_time":"2018-08-23T16:44:49+00:00","twitter_card":"summary_large_image","twitter_site":"@LaborAgora","schema":{"@context":"https:\/\/schema.org","@graph":[{"@type":"WebPage","@id":"https:\/\/laboragora.com\/index.php\/efficacite-individuelle\/","url":"https:\/\/laboragora.com\/index.php\/efficacite-individuelle\/","name":"Efficacit\u00e9 individuelle - LaborAgora","isPartOf":{"@id":"https:\/\/laboragora.com\/#website"},"datePublished":"2018-08-23T14:08:41+00:00","dateModified":"2018-08-23T16:44:49+00:00","breadcrumb":{"@id":"https:\/\/laboragora.com\/index.php\/efficacite-individuelle\/#breadcrumb"},"inLanguage":"fr-FR","potentialAction":[{"@type":"ReadAction","target":["https:\/\/laboragora.com\/index.php\/efficacite-individuelle\/"]}]},{"@type":"BreadcrumbList","@id":"https:\/\/laboragora.com\/index.php\/efficacite-individuelle\/#breadcrumb","itemListElement":[{"@type":"ListItem","position":1,"name":"Accueil","item":"https:\/\/laboragora.com\/"},{"@type":"ListItem","position":2,"name":"Efficacit\u00e9 individuelle"}]},{"@type":"WebSite","@id":"https:\/\/laboragora.com\/#website","url":"https:\/\/laboragora.com\/","name":"LaborAgora","description":"De la recherche scientifique au management","publisher":{"@id":"https:\/\/laboragora.com\/#organization"},"potentialAction":[{"@type":"SearchAction","target":{"@type":"EntryPoint","urlTemplate":"https:\/\/laboragora.com\/?s={search_term_string}"},"query-input":{"@type":"PropertyValueSpecification","valueRequired":true,"valueName":"search_term_string"}}],"inLanguage":"fr-FR"},{"@type":"Organization","@id":"https:\/\/laboragora.com\/#organization","name":"LaborAgora","url":"https:\/\/laboragora.com\/","logo":{"@type":"ImageObject","inLanguage":"fr-FR","@id":"https:\/\/laboragora.com\/#\/schema\/logo\/image\/","url":"https:\/\/laboragora.com\/wp-content\/uploads\/2023\/08\/Slide1-1.png","contentUrl":"https:\/\/laboragora.com\/wp-content\/uploads\/2023\/08\/Slide1-1.png","width":2646,"height":720,"caption":"LaborAgora"},"image":{"@id":"https:\/\/laboragora.com\/#\/schema\/logo\/image\/"},"sameAs":["https:\/\/x.com\/LaborAgora"]}]}},"_links":{"self":[{"href":"https:\/\/laboragora.com\/index.php\/wp-json\/wp\/v2\/pages\/732","targetHints":{"allow":["GET"]}}],"collection":[{"href":"https:\/\/laboragora.com\/index.php\/wp-json\/wp\/v2\/pages"}],"about":[{"href":"https:\/\/laboragora.com\/index.php\/wp-json\/wp\/v2\/types\/page"}],"author":[{"embeddable":true,"href":"https:\/\/laboragora.com\/index.php\/wp-json\/wp\/v2\/users\/1"}],"replies":[{"embeddable":true,"href":"https:\/\/laboragora.com\/index.php\/wp-json\/wp\/v2\/comments?post=732"}],"version-history":[{"count":4,"href":"https:\/\/laboragora.com\/index.php\/wp-json\/wp\/v2\/pages\/732\/revisions"}],"predecessor-version":[{"id":863,"href":"https:\/\/laboragora.com\/index.php\/wp-json\/wp\/v2\/pages\/732\/revisions\/863"}],"wp:attachment":[{"href":"https:\/\/laboragora.com\/index.php\/wp-json\/wp\/v2\/media?parent=732"}],"curies":[{"name":"wp","href":"https:\/\/api.w.org\/{rel}","templated":true}]}}